{"id":62189,"date":"2023-10-18T17:25:30","date_gmt":"2023-10-18T15:25:30","guid":{"rendered":"https:\/\/hajimekarate.com\/comprar\/novo-karategui-kaiten-saizen-kata-modelo-plain\/"},"modified":"2026-04-28T11:08:48","modified_gmt":"2026-04-28T09:08:48","slug":"novo-karategui-kaiten-saizen-kata-modelo-plain","status":"publish","type":"product","link":"https:\/\/hajimekarate.com\/pt-pt\/comprar\/novo-karategui-kaiten-saizen-kata-modelo-plain\/","title":{"rendered":"Novo Karategui Kaiten Saizen | Kata | Modelo Plain"},"content":{"rendered":"<p style=\"color: red;\"><strong><em>* As nossas recomenda\u00e7\u00f5es para a escolha do teu tamanho:<\/em><\/strong><\/p>\n<p>Para tamanhos<strong> inferiores ao tamanho 160:<\/strong><\/p>\n<ul>\n<li>Se fores de <strong>estatura normal<\/strong>, recomendamos o mesmo tamanho que a tua altura.<\/li>\n<li>Se fores <strong>muito magro ou magra ou muito corpulento ou corpulenta<\/strong>, consulta-nos e recomendaremos o tamanho ideal para ti.<\/li>\n<\/ul>\n<p>Para tamanhos <strong>iguais ou superiores ao tamanho 160:<\/strong> <\/p>\n<ul>\n<li>Se fores de <strong>estatura normal<\/strong>, recomendamos meio tamanho acima da tua altura.<\/li>\n<li>Se fores <strong>magro ou magra<\/strong>, recomendamos o mesmo tamanho que a tua altura.<\/li>\n<li>Se fores <strong>muito magro ou magra<\/strong>, recomendamos meio tamanho abaixo da tua altura.<\/li>\n<li>Se fores <strong>corpulento ou corpulenta<\/strong>, consulta-nos e recomendaremos o tamanho ideal para ti.<\/li>\n<\/ul>\n<p>De qualquer forma, estas s\u00e3o apenas as nossas recomenda\u00e7\u00f5es. A tua escolha depender\u00e1 tamb\u00e9m do teu gosto e se preferes o Karategui mais justo ou mais largo.<\/p>\n<p><a href=\"https:\/\/hajimekarate.com\/pt-pt\/guia-visual-encontre-o-seu-tamanho-perfeito-para-o-karategui-kaiten-saizen\/\">Consulta o nosso guia visual para encontrares o teu tamanho ideal. <\/a><\/p>\n<p><img loading=\"lazy\" decoding=\"async\" class=\"alignnone wp-image-61876 size-large\" src=\"https:\/\/hajimekarate.com\/wp-content\/uploads\/2023\/10\/SAIZEN_MEDIDAS_DEFINITIVAS_WEB-1024x494.jpg\" alt=\"\" width=\"1024\" height=\"494\" srcset=\"https:\/\/hajimekarate.com\/wp-content\/uploads\/2023\/10\/SAIZEN_MEDIDAS_DEFINITIVAS_WEB-1024x494.jpg 1024w, https:\/\/hajimekarate.com\/wp-content\/uploads\/2023\/10\/SAIZEN_MEDIDAS_DEFINITIVAS_WEB-300x145.jpg 300w, https:\/\/hajimekarate.com\/wp-content\/uploads\/2023\/10\/SAIZEN_MEDIDAS_DEFINITIVAS_WEB-768x370.jpg 768w, https:\/\/hajimekarate.com\/wp-content\/uploads\/2023\/10\/SAIZEN_MEDIDAS_DEFINITIVAS_WEB-1536x741.jpg 1536w, https:\/\/hajimekarate.com\/wp-content\/uploads\/2023\/10\/SAIZEN_MEDIDAS_DEFINITIVAS_WEB-2048x988.jpg 2048w, https:\/\/hajimekarate.com\/wp-content\/uploads\/2023\/10\/SAIZEN_MEDIDAS_DEFINITIVAS_WEB-600x289.jpg 600w\" sizes=\"auto, (max-width: 1024px) 100vw, 1024px\" \/><\/p>\n<p><iframe loading=\"lazy\" title=\"SNAP Karategui Kaiten Saizen\" width=\"1080\" height=\"608\" src=\"https:\/\/www.youtube.com\/embed\/NKcGT7mGGk0?feature=oembed\" frameborder=\"0\" allow=\"accelerometer; autoplay; clipboard-write; encrypted-media; gyroscope; picture-in-picture; web-share\" allowfullscreen><\/iframe><\/p>\n<p>&nbsp;<\/p>\n","protected":false},"excerpt":{"rendered":"<p>Novo Karategui espec\u00edfico para Kata, modelo Plain, sem log\u00f3tipos.<\/p>\n<p>Este Karategui est\u00e1 desenhado e fabricado com um corte especialmente concebido para competidores de Kata, com as cal\u00e7as mais largas e o casaco mais ajustado ao corpo, permitindo-te total liberdade de movimentos. <em><span style=\"color: red;\">* Ver recomenda\u00e7\u00f5es de tamanho abaixo, na descri\u00e7\u00e3o do produto. <\/span><\/em><\/p>\n<p>Al\u00e9m disso, este novo modelo Saizen \u00e9 fabricado com um novo tecido desenvolvido exclusivamente para a Kaiten, para que tenha um SNAP espetacular. Quase n\u00e3o encolhe com as lavagens e mant\u00e9m-se incrivelmente branco durante mais tempo.<\/p>\n<p>O Karategui modelo Saizen \u00e9 fabricado com uma cintura alta e com costuras de 5 cent\u00edmetros nas mangas, aba do casaco e nas cal\u00e7as junto ao tornozelo.<\/p>\n<p>Em suma, uma Karategui topo de gama a um pre\u00e7o incr\u00edvel.<\/p>\n<p><a href=\"https:\/\/hajimekarate.com\/pt-pt\/guia-visual-encontre-o-seu-tamanho-perfeito-para-o-karategui-kaiten-saizen\/\"><i>Encontra o teu tamanho ideal aqui<\/i><\/a><\/p>\n","protected":false},"featured_media":67590,"template":"","meta":{"_joinchat":[]},"product_brand":[],"product_cat":[2932,2930,2931,2933,3130,3113,335,2477,334],"product_tag":[2628],"class_list":{"0":"post-62189","1":"product","2":"type-product","3":"status-publish","4":"has-post-thumbnail","6":"product_cat-kaiten-calcas-a-medida","7":"product_cat-kaiten-casaco-a-medida","8":"product_cat-kaiten-chaqueta-bordado-pt-pt","9":"product_cat-kaiten-pantalon-bordado-pt-pt","10":"product_cat-kaiten-tradicional-pt-pt","11":"product_cat-karate-tradicional-pt","12":"product_cat-karateguis-kaiten","13":"product_cat-kata-treino","14":"product_cat-karateguis","15":"product_tag-club-20-pt-pt","17":"first","18":"onbackorder","19":"taxable","20":"shipping-taxable","21":"purchasable","22":"product-type-variable"},"_links":{"self":[{"href":"https:\/\/hajimekarate.com\/pt-pt\/wp-json\/wp\/v2\/product\/62189","targetHints":{"allow":["GET"]}}],"collection":[{"href":"https:\/\/hajimekarate.com\/pt-pt\/wp-json\/wp\/v2\/product"}],"about":[{"href":"https:\/\/hajimekarate.com\/pt-pt\/wp-json\/wp\/v2\/types\/product"}],"wp:featuredmedia":[{"embeddable":true,"href":"https:\/\/hajimekarate.com\/pt-pt\/wp-json\/wp\/v2\/media\/67590"}],"wp:attachment":[{"href":"https:\/\/hajimekarate.com\/pt-pt\/wp-json\/wp\/v2\/media?parent=62189"}],"wp:term":[{"taxonomy":"product_brand","embeddable":true,"href":"https:\/\/hajimekarate.com\/pt-pt\/wp-json\/wp\/v2\/product_brand?post=62189"},{"taxonomy":"product_cat","embeddable":true,"href":"https:\/\/hajimekarate.com\/pt-pt\/wp-json\/wp\/v2\/product_cat?post=62189"},{"taxonomy":"product_tag","embeddable":true,"href":"https:\/\/hajimekarate.com\/pt-pt\/wp-json\/wp\/v2\/product_tag?post=62189"}],"curies":[{"name":"wp","href":"https:\/\/api.w.org\/{rel}","templated":true}]}}