{"id":36530,"date":"2022-05-26T09:37:37","date_gmt":"2022-05-26T07:37:37","guid":{"rendered":"https:\/\/hajimekarate.com\/?post_type=product&#038;p=36530"},"modified":"2026-01-21T10:39:35","modified_gmt":"2026-01-21T09:39:35","slug":"karategui-shureido-new-wave-3-wkf-bordado-ombros-azul-vermelho","status":"publish","type":"product","link":"https:\/\/hajimekarate.com\/pt-pt\/comprar\/karategui-shureido-new-wave-3-wkf-bordado-ombros-azul-vermelho\/","title":{"rendered":"Karategui Shureido New Wave 3 | WKF Approved 2025 &#8211; 2029 | Bordado Ombros Azul ou Vermelho"},"content":{"rendered":"<p>O Karategui Shureido New Wave 3 WKF \u00e9 o fato mais popular nas competi\u00e7\u00f5es de Kata. \u00c9 utilizado pelos Karatecas e equipas do mais alto n\u00edvel no ranking de Kata. Equipas do Jap\u00e3o, Turquia ou Hong Kong n\u00e3o hesitam em competir com este Karategui incompar\u00e1vel. O seu efeito SNAP \u00e9 inigual\u00e1vel e o mesmo acontece com a sua presen\u00e7a. O Karategui real\u00e7a a pot\u00eancia do Karateca e a precis\u00e3o dos seus movimentos com cada som, em cada posi\u00e7\u00e3o. A aba fica \u00e0 altura certa e permanece esticada atr\u00e1s sem cair. As mangas s\u00e3o pr\u00e9-cortadas \u00e0 medida que a WKF indica para as competi\u00e7\u00f5es, ajustadas a um padr\u00e3o por tamanho. O mesmo corte do Karategui est\u00e1 mais ajustado ao corpo do Karateka, mais adaptado.<\/p>\n<h3>Que caracter\u00edsticas especiais tem o tecido do New Wave 3?<\/h3>\n<p>O fio \u00e9 uma linha com estrutura dupla que cont\u00e9m grampos de poli\u00e9ster como n\u00facleo central cobertos com algod\u00e3o. Este material inovador tem uma textura agrad\u00e1vel para a pele e, ao mesmo tempo, apresenta um n\u00facleo central forte e \u00fanico. O Snap que este Karategui proporciona \u00e9 inigual\u00e1vel.<\/p>\n<p>\u00c9 um Karategui de peso pesado, composto por uma mistura de poli\u00e9ster e algod\u00e3o. Adequado para movimentos din\u00e2micos.<\/p>\n<p>O tecido \u00e9 excepcionalmente firme. Mant\u00e9m a sua forma com um sistema de costura especial que, por sua vez, absorve o suor nas costas.<\/p>\n<p>O grau de encolhimento do comprimento do casaco e das cal\u00e7as \u00e9 de 2 cm.<br \/>\nRefer\u00eancia de peso para o NW-3: 1,5 kg \/ tamanho 4 (casaco e cal\u00e7as).<\/p>\n<h3>Homologado pela WKF para o per\u00edodo de 2025 a 2029<\/h3>\n<p>Os Karateguis Shureido renovaram a certifica\u00e7\u00e3o \u201cWKF Approved\u201d para o per\u00edodo de 2025 a 2029. A utiliza\u00e7\u00e3o de Karateguis com licen\u00e7a da WKF ser\u00e1 obrigat\u00f3ria em todos os eventos oficiais da WKF e n\u00e3o poder\u00e1 ser recusada em qualquer competi\u00e7\u00e3o ou atividade organizada pelas federa\u00e7\u00f5es nacionais membros da WKF, de acordo com os regulamentos da WKF.  <a href=\"https:\/\/hajimekarate.com\/wp-content\/uploads\/2024\/12\/PHOTO-2024-12-04-16-12-42.jpg\" target=\"_blank\" rel=\"noopener\">Ver certificado.<\/a><\/p>\n<div class=\"tabContainer\">\n<div class=\"formatoTab\">\n<table class=\"tallas\">\n<caption>* Pode variar cerca de 1 a 2 cm, uma vez que \u00e9 feito artesanalmente.<\/caption>\n<colgroup>\n<col class=\"cellFit1\" span=\"1\">\n<col class=\"cellFit1\" span=\"2\">\n<col> <\/colgroup>\n<thead>\n<tr>\n<th class=\"cellFit1\" rowspan=\"4\">Shureido:<br \/>\nNew Wave 3<\/th>\n<th class=\"cellFit2\" rowspan=\"4\">Encolhimento<\/th>\n<th class=\"cellFit3\" colspan=\"1\">Tamanho<\/th>\n<th colspan=\"11\"><\/th>\n<\/tr>\n<tr><!--\n\n\n<th>1,5<\/th>\n\n\n\n\n<th>2<\/th>\n\n\n\n\n<th>2,5<\/th>\n\n\n--><\/p>\n<th>3<\/th>\n<th>3,5<\/th>\n<th>4<\/th>\n<th>4,5<\/th>\n<th>5<\/th>\n<th>5,5<\/th>\n<th>6<\/th>\n<p><!--\n\n\n<th>6,5<\/th>\n\n\n\n\n<th>7<\/th>\n\n\n--><\/tr>\n<tr>\n<th class=\"cellFit3\" colspan=\"1\">cm.<\/th>\n<th colspan=\"11\"><\/th>\n<\/tr>\n<tr><!--\n\n\n<th>140<\/th>\n\n\n\n\n<th>150<\/th>\n\n\n\n\n<th>155<\/th>\n\n\n--><\/p>\n<th>160<\/th>\n<th>165<\/th>\n<th>170<\/th>\n<th>175<\/th>\n<th>180<\/th>\n<th>185<\/th>\n<th>190<\/th>\n<p><!--\n\n\n<th>195<\/th>\n\n\n\n\n<th>200<\/th>\n\n\n--><\/tr>\n<tr>\n<th colspan=\"14\"><\/th>\n<\/tr>\n<\/thead>\n<tbody>\n<tr>\n<td class=\"cellFit1\">Comprimento do casaco<\/td>\n<td class=\"cellFit2\">Cerca de 2 cm.<\/td>\n<p><!--\n\n\n<td>68<\/td>\n\n\n\n\n<td>72<\/td>\n\n\n\n\n<td>76<\/td>\n\n\n--><\/p>\n<td>80<\/td>\n<td>84<\/td>\n<td>87<\/td>\n<td>90<\/td>\n<td>93<\/td>\n<td>96<\/td>\n<td>99<\/td>\n<p><!--\n\n\n<td>102<\/td>\n\n\n\n\n<td>105<\/td>\n\n\n--><\/tr>\n<tr>\n<td class=\"cellFit1\">Largura do casaco<\/td>\n<td class=\"cellFit2\"><\/td>\n<p><!--\n\n\n<td>50<\/td>\n\n\n\n\n<td>53<\/td>\n\n\n\n\n<td>55<\/td>\n\n\n--><\/p>\n<td>57<\/td>\n<td>59<\/td>\n<td>61<\/td>\n<td>63<\/td>\n<td>65<\/td>\n<td>67<\/td>\n<td>69<\/td>\n<p><!--\n\n\n<td>71<\/td>\n\n\n\n\n<td>73<\/td>\n\n\n--><\/tr>\n<tr>\n<td class=\"cellFit1\">Manga<\/td>\n<td class=\"cellFit2\"><\/td>\n<p><!--\n\n\n<td>37<\/td>\n\n\n\n\n<td>38<\/td>\n\n\n\n\n<td>39<\/td>\n\n\n--><\/p>\n<td>41<\/td>\n<td>42<\/td>\n<td>43<\/td>\n<td>44<\/td>\n<td>46<\/td>\n<td>47<\/td>\n<td>49<\/td>\n<p><!--\n\n\n<td>50<\/td>\n\n\n\n\n<td>52<\/td>\n\n\n--><\/tr>\n<tr>\n<td class=\"cellFit1\">Comprimento das cal\u00e7as<\/td>\n<td class=\"cellFit2\">Cerca de 2 cm.<\/td>\n<p><!--\n\n\n<td>79<\/td>\n\n\n\n\n<td>82<\/td>\n\n\n\n\n<td>87<\/td>\n\n\n--><\/p>\n<td>86<\/td>\n<td>92<\/td>\n<td>96<\/td>\n<td>99<\/td>\n<td>102<\/td>\n<td>106<\/td>\n<td>110<\/td>\n<p><!--\n\n\n<td>114<\/td>\n\n\n\n\n<td>118<\/td>\n\n\n--><\/tr>\n<tr>\n<td class=\"cellFit1\">Cinta<\/td>\n<td class=\"cellFit2\"><\/td>\n<p><!--\n\n\n<td>38<\/td>\n\n\n\n\n<td>42<\/td>\n\n\n\n\n<td>46<\/td>\n\n\n--><\/p>\n<td>48<\/td>\n<td>50<\/td>\n<td>52<\/td>\n<td>54<\/td>\n<td>56<\/td>\n<td>58<\/td>\n<td>60<\/td>\n<p><!--\n\n\n<td>62<\/td>\n\n\n\n\n<td>64<\/td>\n\n\n--><\/tr>\n<\/tbody>\n<\/table>\n<\/div>\n<\/div>\n<p>&nbsp;<\/p>\n","protected":false},"excerpt":{"rendered":"<p>Karategi Shureido New Wave 3 para kata \u2013 WKF Aprovado 2025 &#8211; 2029.<br \/>\nO logotipo da Shureido \u00e9 bordado no peito, pesco\u00e7o e ombros do Karategi<br \/>\n aprovado pela Federa\u00e7\u00e3o Mundial de Karat\u00ea<strong>. <a href=\"https:\/\/hajimekarate.com\/wp-content\/uploads\/2024\/12\/PHOTO-2024-12-04-16-12-42.jpg\" target=\"_blank\" rel=\"noopener\">Ver certificado<\/a><\/strong><\/p>\n<p><a href=\"https:\/\/hajimekarate.com\/pt-pt\/diferencas-entre-os-karategis-shureido-new-wave-1-2-e-3-qual-e-o-melhor-para-voce\/\" target=\"_blank\" rel=\"noopener\">Conhe\u00e7a aqui as diferen\u00e7as entre os modelos New Wave 1, 2 e 3.<\/a><\/p>\n","protected":false},"featured_media":36822,"template":"","meta":{"_joinchat":[]},"product_brand":[],"product_cat":[2911,2917,2912,1892,1897,3134,337,339,2401,3138,334,340,342],"product_tag":[3334,3146,2622],"class_list":{"0":"post-36530","1":"product","2":"type-product","3":"status-publish","4":"has-post-thumbnail","6":"product_cat-equipamento-de-karate-personalizado","7":"product_cat-shureido-calcas-a-medida","8":"product_cat-shureido-casaco-a-medida","9":"product_cat-competidores-de-pouso-de-equipamentos-de-alta-competicao","10":"product_cat-fatos-shureido-personalizables","11":"product_cat-karate-competicao","12":"product_cat-karateguis-shureido","13":"product_cat-karateguis-wkf","14":"product_cat-kata-concurso","15":"product_cat-shureido-competicao","16":"product_cat-karateguis","17":"product_cat-marcas","18":"product_cat-shureido","19":"product_tag-blackfriday-club-15-pt","20":"product_tag-blackfriday-pt","21":"product_tag-club-10-pt","23":"first","24":"instock","25":"taxable","26":"shipping-taxable","27":"purchasable","28":"product-type-variable","29":"has-default-attributes"},"_links":{"self":[{"href":"https:\/\/hajimekarate.com\/pt-pt\/wp-json\/wp\/v2\/product\/36530","targetHints":{"allow":["GET"]}}],"collection":[{"href":"https:\/\/hajimekarate.com\/pt-pt\/wp-json\/wp\/v2\/product"}],"about":[{"href":"https:\/\/hajimekarate.com\/pt-pt\/wp-json\/wp\/v2\/types\/product"}],"wp:featuredmedia":[{"embeddable":true,"href":"https:\/\/hajimekarate.com\/pt-pt\/wp-json\/wp\/v2\/media\/36822"}],"wp:attachment":[{"href":"https:\/\/hajimekarate.com\/pt-pt\/wp-json\/wp\/v2\/media?parent=36530"}],"wp:term":[{"taxonomy":"product_brand","embeddable":true,"href":"https:\/\/hajimekarate.com\/pt-pt\/wp-json\/wp\/v2\/product_brand?post=36530"},{"taxonomy":"product_cat","embeddable":true,"href":"https:\/\/hajimekarate.com\/pt-pt\/wp-json\/wp\/v2\/product_cat?post=36530"},{"taxonomy":"product_tag","embeddable":true,"href":"https:\/\/hajimekarate.com\/pt-pt\/wp-json\/wp\/v2\/product_tag?post=36530"}],"curies":[{"name":"wp","href":"https:\/\/api.w.org\/{rel}","templated":true}]}}